  {"id":33689,"date":"2025-04-01T08:39:59","date_gmt":"2025-04-01T06:39:59","guid":{"rendered":"https:\/\/ws.uni.opole.pl\/?post_type=aktualnosci&#038;p=33689"},"modified":"2025-04-01T08:45:29","modified_gmt":"2025-04-01T06:45:29","slug":"zapalency-2","status":"publish","type":"aktualnosci","link":"https:\/\/ws.uni.opole.pl\/en\/aktualnosci\/zapalency-2\/","title":{"rendered":"Zapale\u0144cy 2"},"content":{"rendered":"\n<p>Studentki i studenci oraz wyk\u0142adowczynie i wyk\u0142adowcy Wydzia\u0142u Sztuki Uniwersytetu Opolskiego oraz Wydzia\u0142u Mechanicznego Politechniki Opolskiej, we wsp\u00f3\u0142pracy z Miejsk\u0105 Bibliotek\u0105 Publiczn\u0105 w Opolu, zapraszaj\u0105 3 kwietnia, o godzinie 18:00 do Galerii Zamostek i Fotogalerii MBP na wernisa\u017c wystawy \u201eZapale\u0144cy 2\u201d.<\/p>\n\n\n\n<p>Inicjatywa ma na celu popularyzacj\u0119 archiwalnych zasob\u00f3w biblioteki oraz stanowi unikatow\u0105 okazj\u0119 do spotkania m\u0142odych tw\u00f3rczy\u0144 i tw\u00f3rc\u00f3w z histori\u0105 polskiej prasy dla najm\u0142odszych.<\/p>\n\n\n\n<p>Wydzia\u0142 Sztuki po raz drugi realizuje ten projekt \u2013 rok temu studentki i studenci III roku studi\u00f3w licencjackich pracowali na bazie r\u00f3\u017cnych numer\u00f3w czasopism \u201eP\u0142omyk\u201d i \u201eP\u0142omyczek\u201d, czego efektem by\u0142a wystawa w Galerii Zamostek. Tegoroczna ekspozycja WS czerpie inspiracj\u0119 z jednych z najstarszych numer\u00f3w magazynu \u201eP\u0142omyk\u201d z lat 30. XX wieku, odnalezionych w zasobach MBP. Pismo, b\u0119d\u0105ce w tamtych czasach oknem na \u015bwiat dla m\u0142odych czytelnik\u00f3w, obfitowa\u0142o w reporta\u017ce, relacje z wypraw, opowiadania przygodowe i ciekawostki geograficzne. Jaki b\u0119dzie efekt dialogu z zasobami sprzed blisko 100 lat? Inicjatywa ponownie odbywa si\u0119 w ramach kurs\u00f3w Ilustracja oraz Publikacje artystyczne na Wydziale Sztuki UO, pod opiek\u0105 artystyczn\u0105 dr Magdaleny Hlawacz i mgr Katarzyny Mular.<\/p>\n\n\n\n<p>W tym roku do projektu do\u0142\u0105cza Politechnika Opolska, kt\u00f3r\u0105 reprezentuj\u0105 studentki i studenci I, II i III roku kierunku Wzornictwo przemys\u0142owe na Wydziale Mechanicznym, pod opiek\u0105 artystyczn\u0105 dr Ma\u0142gorzaty Futkowskiej, mgr Natalii Hudzik i mgr Aleksandry Kuli-Le\u015bniak. Punktem wyj\u015bcia dla projekt\u00f3w sta\u0142y si\u0119 archiwalne numery czasopisma \u201eP\u0142omyczek\u201d \u2013 jednego z najwa\u017cniejszych polskich czasopism dzieci\u0119cych XX wieku \u2013 przechowywane w zbiorach Miejskiej Biblioteki Publicznej. Ilustracje publikowane na jego \u0142amach, autorstwa wybitnych tw\u00f3rc\u00f3w, takich jak Janusz Grabia\u0144ski, Jerzy Flisak, Bohdan Butenko, Zbigniew Rychlicki czy Jan Marcin Szancer, sta\u0142y si\u0119 inspiracj\u0105 do powstania nowych form rysunkowych, graficznych, przestrzennych i narracyjnych, ukazuj\u0105cych \u015bwie\u017ce, wsp\u00f3\u0142czesne spojrzenie na klasyk\u0119 polskiej ilustracji. Prace powsta\u0142y w ramach zaj\u0119\u0107 Rysunek prezentacyjny, Makietowanie i budowa modeli, Techniki prezentacyjne oraz Projektowanie specjalistyczne produktu.<\/p>\n\n\n\n<p>Na wystawie b\u0119dzie mo\u017cna zobaczy\u0107 nie tylko prace studenckie, ale tak\u017ce realizacje wyk\u0142adowczy\u0144 i wyk\u0142adowc\u00f3w WS UO.<\/p>\n\n\n\n<p>Serdecznie zapraszamy w najbli\u017cszy czwartek do Miejskiej Biblioteki Publicznej w Opolu (ul. Minoryt\u00f3w 4).<\/p>\n\n\n\n<p>Wystawa potrwa do 30 kwietnia 2025 r.<\/p>\n\n\n\n<p>projekt plakatu: Katarzyna Mular<\/p>\n","protected":false},"featured_media":33690,"template":"","meta":{"aktualnosci-wyroznione":[],"link-aktualnosci":"","download-aktualnosci":"","galeria":[],"footnotes":""},"categories":[],"class_list":["post-33689","aktualnosci","type-aktualnosci","status-publish","has-post-thumbnail","hentry"],"_links":{"self":[{"href":"https:\/\/ws.uni.opole.pl\/en\/wp-json\/wp\/v2\/aktualnosci\/33689","targetHints":{"allow":["GET"]}}],"collection":[{"href":"https:\/\/ws.uni.opole.pl\/en\/wp-json\/wp\/v2\/aktualnosci"}],"about":[{"href":"https:\/\/ws.uni.opole.pl\/en\/wp-json\/wp\/v2\/types\/aktualnosci"}],"version-history":[{"count":4,"href":"https:\/\/ws.uni.opole.pl\/en\/wp-json\/wp\/v2\/aktualnosci\/33689\/revisions"}],"predecessor-version":[{"id":33696,"href":"https:\/\/ws.uni.opole.pl\/en\/wp-json\/wp\/v2\/aktualnosci\/33689\/revisions\/33696"}],"wp:featuredmedia":[{"embeddable":true,"href":"https:\/\/ws.uni.opole.pl\/en\/wp-json\/wp\/v2\/media\/33690"}],"wp:attachment":[{"href":"https:\/\/ws.uni.opole.pl\/en\/wp-json\/wp\/v2\/media?parent=33689"}],"wp:term":[{"taxonomy":"category","embeddable":true,"href":"https:\/\/ws.uni.opole.pl\/en\/wp-json\/wp\/v2\/categories?post=33689"}],"curies":[{"name":"wp","href":"https:\/\/api.w.org\/{rel}","templated":true}]}}